{"id":1560,"date":"2023-10-05T09:54:58","date_gmt":"2023-10-05T09:54:58","guid":{"rendered":"https:\/\/www.serake.ut.ee\/?page_id=1560"},"modified":"2026-08-04T12:19:56","modified_gmt":"2026-08-04T12:19:56","slug":"naitus-voim-publikuprogramm","status":"publish","type":"page","link":"https:\/\/www.serake.ut.ee\/en\/naitus-voim-publikuprogramm\/","title":{"rendered":"N\u00e4itus V\u00f5im publikuprogramm"},"content":{"rendered":"<div class=\"wp-block-uagb-container uagb-block-eff9bb2c alignfull uagb-is-root-container\"><div class=\"uagb-container-inner-blocks-wrap\">\n<div class=\"wp-block-uagb-container uagb-block-b39ff44c\">\n<div class=\"wp-block-uagb-advanced-heading uagb-block-109c53a3\"><h2 class=\"uagb-heading-text\">Visitor programme for the exhibition \"V\u00f5im\" (\"Power\")<\/h2><p class=\"uagb-desc-text\">08.09.-24.09.2023 in Kadriorg Park and Kadriorg Art Museum<\/p><\/div>\n<\/div>\n\n\n\n<div class=\"wp-block-uagb-container uagb-block-2a27550d\">\n<figure class=\"wp-block-image size-large\"><img loading=\"lazy\" decoding=\"async\" width=\"1024\" height=\"683\" src=\"https:\/\/www.serake.ut.ee\/wp-content\/uploads\/2023\/10\/DSCF5152-1-1024x683.jpg\" alt=\"\" class=\"wp-image-1563\" srcset=\"https:\/\/www.serake.ut.ee\/wp-content\/uploads\/2023\/10\/DSCF5152-1-1024x683.jpg 1024w, https:\/\/www.serake.ut.ee\/wp-content\/uploads\/2023\/10\/DSCF5152-1-300x200.jpg 300w, https:\/\/www.serake.ut.ee\/wp-content\/uploads\/2023\/10\/DSCF5152-1-768x512.jpg 768w, https:\/\/www.serake.ut.ee\/wp-content\/uploads\/2023\/10\/DSCF5152-1-1536x1024.jpg 1536w, https:\/\/www.serake.ut.ee\/wp-content\/uploads\/2023\/10\/DSCF5152-1-2048x1365.jpg 2048w, https:\/\/www.serake.ut.ee\/wp-content\/uploads\/2023\/10\/DSCF5152-1-18x12.jpg 18w\" sizes=\"auto, (max-width: 1024px) 100vw, 1024px\" \/><\/figure>\n<\/div>\n<\/div><\/div>\n\n\n\n<div class=\"wp-block-uagb-container uagb-block-6e4aa4f0 alignfull uagb-is-root-container\"><div class=\"uagb-container-inner-blocks-wrap\">\n<p class=\"wp-block-paragraph\">The Centre for Semiotic Applications organised a public visitor programme for the installation and sculpture exhibition \u201cPower\u201d in Kadriorg Park and Art Museum with the support of Tallinn \u2013 European Green Capital project. The programme included discussions on the topics of parasites and living space, and patterns of gender and power in urban space, walks where visitors were guided to notice different types of interpretations related to power relations in Kadriorg Park through works of art and literature, and lectures. Semioticians, artists, literary and cultural scholars and public figures discussed the significance of the (natural) environment and the power relations between humans and nature.<\/p>\n\n\n\n<div class=\"blockart-buttons blockart-buttons-52af8b5b is-wrap\">\n<div class=\"blockart-button blockart-button-01294dae\"><a class=\"blockart-button-link is-medium is-style-outline\" href=\"http:\/\/teatepulk.com\/en\/\" target=\"_blank\" rel=\"noopener\">Home page of the exhibition<\/a><\/div>\n<\/div>\n<\/div><\/div>\n\n\n\n<div class=\"wp-block-uagb-container uagb-block-a64f4c15 alignfull uagb-is-root-container\"><div class=\"uagb-container-inner-blocks-wrap\">\n<div class=\"wp-block-uagb-container uagb-block-ece0384a\">\n<div class=\"wp-block-uagb-info-box uagb-block-cb5993f1 uagb-infobox__content-wrap  uagb-infobox-icon-above-title uagb-infobox-image-valign-top\"><div class=\"uagb-ifb-content\"><div class=\"uagb-ifb-title-wrap\"><h2 class=\"uagb-ifb-title\">8.09<\/h2><\/div><\/div><\/div>\n<\/div>\n\n\n\n<div class=\"wp-block-uagb-container uagb-block-60643d73\">\n<div class=\"wp-block-uagb-info-box uagb-block-3f9c5d37 uagb-infobox__content-wrap  uagb-infobox-icon-above-title uagb-infobox-image-valign-top\"><div class=\"uagb-ifb-content\"><div class=\"uagb-ifb-title-wrap\"><h3 class=\"uagb-ifb-title\">Opening of the exhibition<\/h3><\/div><p class=\"uagb-ifb-desc\">Opening of the exhibition; walk through the exhibition with curator Reet Varblane and participating artists.<\/p><\/div><\/div>\n\n\n\n<figure class=\"wp-block-image size-large\"><img loading=\"lazy\" decoding=\"async\" width=\"1024\" height=\"768\" src=\"https:\/\/www.serake.ut.ee\/wp-content\/uploads\/2023\/10\/IMG_20230908_171722-1024x768.jpg\" alt=\"\" class=\"wp-image-1580\" srcset=\"https:\/\/www.serake.ut.ee\/wp-content\/uploads\/2023\/10\/IMG_20230908_171722-1024x768.jpg 1024w, https:\/\/www.serake.ut.ee\/wp-content\/uploads\/2023\/10\/IMG_20230908_171722-300x225.jpg 300w, https:\/\/www.serake.ut.ee\/wp-content\/uploads\/2023\/10\/IMG_20230908_171722-768x576.jpg 768w, https:\/\/www.serake.ut.ee\/wp-content\/uploads\/2023\/10\/IMG_20230908_171722-1536x1152.jpg 1536w, https:\/\/www.serake.ut.ee\/wp-content\/uploads\/2023\/10\/IMG_20230908_171722-2048x1536.jpg 2048w, https:\/\/www.serake.ut.ee\/wp-content\/uploads\/2023\/10\/IMG_20230908_171722-16x12.jpg 16w\" sizes=\"auto, (max-width: 1024px) 100vw, 1024px\" \/><\/figure>\n<\/div>\n<\/div><\/div>\n\n\n\n<div class=\"wp-block-uagb-container uagb-block-5f504547 alignfull uagb-is-root-container\"><div class=\"uagb-container-inner-blocks-wrap\">\n<div class=\"wp-block-uagb-container uagb-block-ce130b14\">\n<div class=\"wp-block-uagb-info-box uagb-block-fd077530 uagb-infobox__content-wrap  uagb-infobox-icon-above-title uagb-infobox-image-valign-top\"><div class=\"uagb-ifb-content\"><div class=\"uagb-ifb-title-wrap\"><h2 class=\"uagb-ifb-title\">9.09<\/h2><\/div><\/div><\/div>\n<\/div>\n\n\n\n<div class=\"wp-block-uagb-container uagb-block-c9aa4b8c\">\n<div class=\"wp-block-uagb-info-box uagb-block-26153c83 uagb-infobox__content-wrap  uagb-infobox-icon-above-title uagb-infobox-image-valign-top\"><div class=\"uagb-ifb-content\"><div class=\"uagb-ifb-title-wrap\"><h3 class=\"uagb-ifb-title\">Discussion \u201cIs the parasite a victim or a king?\u201d<\/h3><\/div><p class=\"uagb-ifb-desc\">Sara B\u00e9dard-Goulet, visiting researcher in Romance Studies at the University of Tartu, artists Flo Kasearu and El\u012bna V\u012btola<\/p><\/div><\/div>\n\n\n\n<figure class=\"wp-block-image size-large\"><img loading=\"lazy\" decoding=\"async\" width=\"1024\" height=\"676\" src=\"https:\/\/www.serake.ut.ee\/wp-content\/uploads\/2023\/10\/Sara-Flo-Elina-1024x676.jpg\" alt=\"\" class=\"wp-image-1569\" srcset=\"https:\/\/www.serake.ut.ee\/wp-content\/uploads\/2023\/10\/Sara-Flo-Elina-1024x676.jpg 1024w, https:\/\/www.serake.ut.ee\/wp-content\/uploads\/2023\/10\/Sara-Flo-Elina-300x198.jpg 300w, https:\/\/www.serake.ut.ee\/wp-content\/uploads\/2023\/10\/Sara-Flo-Elina-768x507.jpg 768w, https:\/\/www.serake.ut.ee\/wp-content\/uploads\/2023\/10\/Sara-Flo-Elina-1536x1014.jpg 1536w, https:\/\/www.serake.ut.ee\/wp-content\/uploads\/2023\/10\/Sara-Flo-Elina-18x12.jpg 18w, https:\/\/www.serake.ut.ee\/wp-content\/uploads\/2023\/10\/Sara-Flo-Elina.jpg 2048w\" sizes=\"auto, (max-width: 1024px) 100vw, 1024px\" \/><\/figure>\n\n\n\n<p class=\"wp-block-paragraph\">Kui tavaliselt k\u00fcsitleb kuraator kunstnikke nende loomingu ja maailmavaate kohta, siis selle arutelu k\u00e4igus esitavad kunstnikud Tartu \u00dclikooli k\u00fclalisteadurile Sara B\u00e9dard-Goulet\u2019le k\u00fcsimusi, mis on inspireeritud nende teosest \u201cHaigem\u201d.<br><br>Juttu tuleb parasitismist nii kunstimaailmas kui ka mujal. K\u00e4sitletavad teemad puudutavad migratsiooni, \u00fcmberasustamist (nii skulptuuride kui inimeste puhul), invasiivseid liike, populatsiooni kontrolli eetilisust, konserveerimist (ja vastuolulisust, mida see tekitada v\u00f5ib), kunstiruumide m\u00f5ju ja t\u00e4hendust. Ning k\u00f5ige eelneva m\u00f5just t\u00e4henduste kujunemisele. Arutluse all on ka parasitism ning kunsti ja uurimust\u00f6\u00f6ga seotud v\u00f5imu k\u00fcsimused.<\/p>\n\n\n\n<div class=\"wp-block-uagb-info-box uagb-block-11420045 uagb-infobox__content-wrap  uagb-infobox-icon-above-title uagb-infobox-image-valign-top\"><div class=\"uagb-ifb-content\"><div class=\"uagb-ifb-title-wrap\"><h3 class=\"uagb-ifb-title\">14:00&nbsp;<strong>Semiootiline jalutus rohev\u00f5imu r\u00e4gastikus<\/strong><\/h3><\/div><p class=\"uagb-ifb-desc\">Linnasemiootik Tiit Remm, bio- ja \u00f6kosemiootik Riin Magnus ja kunstnik Ulla Juske.<\/p><\/div><\/div>\n\n\n\n<figure class=\"wp-block-image size-full\"><img loading=\"lazy\" decoding=\"async\" width=\"800\" height=\"451\" src=\"https:\/\/www.serake.ut.ee\/wp-content\/uploads\/2023\/10\/2fdfa579-5308-4e22-a073-c41984b66dfc.jpg\" alt=\"\" class=\"wp-image-1570\" srcset=\"https:\/\/www.serake.ut.ee\/wp-content\/uploads\/2023\/10\/2fdfa579-5308-4e22-a073-c41984b66dfc.jpg 800w, https:\/\/www.serake.ut.ee\/wp-content\/uploads\/2023\/10\/2fdfa579-5308-4e22-a073-c41984b66dfc-300x169.jpg 300w, https:\/\/www.serake.ut.ee\/wp-content\/uploads\/2023\/10\/2fdfa579-5308-4e22-a073-c41984b66dfc-768x433.jpg 768w, https:\/\/www.serake.ut.ee\/wp-content\/uploads\/2023\/10\/2fdfa579-5308-4e22-a073-c41984b66dfc-18x10.jpg 18w\" sizes=\"auto, (max-width: 800px) 100vw, 800px\" \/><\/figure>\n\n\n\n<p class=\"wp-block-paragraph\" style=\"margin-top:0;margin-bottom:0\">Juhendatud jalutusk\u00e4ik, mille k\u00e4igus lahatakse, kuidas kunstnikud on inimese ja teiste liikide v\u00f5imusuhteid kajastanud ning kuidas pargiruum nende t\u00f5lgendamisel kaasa m\u00e4ngib. Vaadeldakse ka Kadrioru parki kui inimese ja teiste liikide \u00fchise kujunduse ning inimese soosingu ja t\u00f5rjetegevuse tulemit. Jalutusk\u00e4iguga suunatakse kunstiteoste kaudu m\u00e4rkama p\u00e4evakajalisi t\u00f5lgendusviise ja vaatepunkte, mis on seotud eri liikide ja v\u00f5imusuhete r\u00e4gastikuga Kadrioru pargis kui elusas n\u00e4ituseruumis.<\/p>\n\n\n\n<p class=\"wp-block-paragraph\" style=\"margin-top:0;margin-bottom:0\">Jalutusk\u00e4ik toimub Kadrioru pargis, algusega Kadrioru pargi infopunkti juures<\/p>\n<\/div>\n<\/div><\/div>\n\n\n\n<div class=\"wp-block-uagb-container uagb-block-864149a0 alignfull uagb-is-root-container\"><div class=\"uagb-container-inner-blocks-wrap\">\n<div class=\"wp-block-uagb-container uagb-block-35552ff4\">\n<div class=\"wp-block-uagb-info-box uagb-block-73692b60 uagb-infobox__content-wrap  uagb-infobox-icon-above-title uagb-infobox-image-valign-top\"><div class=\"uagb-ifb-content\"><div class=\"uagb-ifb-title-wrap\"><\/div><\/div><\/div>\n<\/div>\n\n\n\n<div class=\"wp-block-uagb-container uagb-block-79864aa8\">\n<div class=\"wp-block-uagb-info-box uagb-block-7a7c4445 uagb-infobox__content-wrap  uagb-infobox-icon-above-title uagb-infobox-image-valign-top\"><div class=\"uagb-ifb-content\"><div class=\"uagb-ifb-title-wrap\"><h3 class=\"uagb-ifb-title\">15:30&nbsp;<strong>Kirjanduslik jalutusk\u00e4ik Kadrioru v\u00f5imulab\u00fcrintides<\/strong><\/h3><\/div><p class=\"uagb-ifb-desc\">Kirjandusteadlased Ene-Reet Soovik, Elle-Mari Talivee ja Kadri T\u00fc\u00fcr.<\/p><\/div><\/div>\n\n\n\n<figure class=\"wp-block-image size-large\"><img loading=\"lazy\" decoding=\"async\" width=\"1024\" height=\"768\" src=\"https:\/\/www.serake.ut.ee\/wp-content\/uploads\/2023\/10\/Ene-Reet-1024x768.jpg\" alt=\"\" class=\"wp-image-1572\" srcset=\"https:\/\/www.serake.ut.ee\/wp-content\/uploads\/2023\/10\/Ene-Reet-1024x768.jpg 1024w, https:\/\/www.serake.ut.ee\/wp-content\/uploads\/2023\/10\/Ene-Reet-300x225.jpg 300w, https:\/\/www.serake.ut.ee\/wp-content\/uploads\/2023\/10\/Ene-Reet-768x576.jpg 768w, https:\/\/www.serake.ut.ee\/wp-content\/uploads\/2023\/10\/Ene-Reet-1536x1152.jpg 1536w, https:\/\/www.serake.ut.ee\/wp-content\/uploads\/2023\/10\/Ene-Reet-16x12.jpg 16w, https:\/\/www.serake.ut.ee\/wp-content\/uploads\/2023\/10\/Ene-Reet.jpg 1600w\" sizes=\"auto, (max-width: 1024px) 100vw, 1024px\" \/><\/figure>\n\n\n\n<p class=\"wp-block-paragraph\" style=\"margin-top:0;margin-bottom:0\">Kirjanduslik jalutusk\u00e4ik Kadrioru pargis. Alustame Juhan Viidingu m\u00e4lestuspingi juures ning k\u00f5nnime Lasnam\u00e4e kalda alla. Juttu tuleb kirjandusest ja kunstist avalikus ruumis ning k\u00f5ige selle p\u00f5imumistest v\u00f5imuga. M\u00e4rkimist leiavad kirjanikud A. H. Tammsaare ja E. Vilde, kujud \u201cVidri Rein\u201d ja Alatskivi Apollo, Mudisti \u201cKodumaa\u201d ja Adamsoni \u201cRussalka\u201d, Kadrioru elanikest Jaanid, Johannesed ja Juhanid jpt.&nbsp;&nbsp;&nbsp;<\/p>\n\n\n\n<p class=\"wp-block-paragraph\" style=\"margin-top:0;margin-bottom:0\">Jalutusk\u00e4ik toimub Kadrioru pargis, algusega Juhan Viidingu m\u00e4lestuspingi juurest.<\/p>\n<\/div>\n<\/div><\/div>\n\n\n\n<div class=\"wp-block-uagb-container uagb-block-cb3115e9 alignfull uagb-is-root-container\"><div class=\"uagb-container-inner-blocks-wrap\">\n<div class=\"wp-block-uagb-container uagb-block-3bc03ee4\">\n<div class=\"wp-block-uagb-info-box uagb-block-53236365 uagb-infobox__content-wrap  uagb-infobox-icon-above-title uagb-infobox-image-valign-top\"><div class=\"uagb-ifb-content\"><div class=\"uagb-ifb-title-wrap\"><h2 class=\"uagb-ifb-title\">24.09<\/h2><\/div><\/div><\/div>\n<\/div>\n\n\n\n<div class=\"wp-block-uagb-container uagb-block-01792a7d\">\n<div class=\"wp-block-uagb-info-box uagb-block-337fdb18 uagb-infobox__content-wrap  uagb-infobox-icon-above-title uagb-infobox-image-valign-top\"><div class=\"uagb-ifb-content\"><div class=\"uagb-ifb-title-wrap\"><h3 class=\"uagb-ifb-title\">13: 00 &nbsp;Vestlus \u201cKelle jaoks on linnaruum? Sugu ja v\u00f5imu mustrid&nbsp; linnas\u201d<\/h3><\/div><p class=\"uagb-ifb-desc\">Kommunikatsioonispetsialist Barbi Pilvre ja Tallinna \u00f6\u00f6linnapea Natalie Mets<\/p><\/div><\/div>\n\n\n\n<figure class=\"wp-block-image size-full\"><img loading=\"lazy\" decoding=\"async\" width=\"911\" height=\"660\" src=\"https:\/\/www.serake.ut.ee\/wp-content\/uploads\/2023\/10\/BarbiNatalie.jpg\" alt=\"\" class=\"wp-image-1574\" srcset=\"https:\/\/www.serake.ut.ee\/wp-content\/uploads\/2023\/10\/BarbiNatalie.jpg 911w, https:\/\/www.serake.ut.ee\/wp-content\/uploads\/2023\/10\/BarbiNatalie-300x217.jpg 300w, https:\/\/www.serake.ut.ee\/wp-content\/uploads\/2023\/10\/BarbiNatalie-768x556.jpg 768w, https:\/\/www.serake.ut.ee\/wp-content\/uploads\/2023\/10\/BarbiNatalie-18x12.jpg 18w\" sizes=\"auto, (max-width: 911px) 100vw, 911px\" \/><\/figure>\n\n\n\n<p class=\"wp-block-paragraph\" style=\"margin-top:0;margin-bottom:0\">Sugu kui&nbsp;dimensioon on linnaruumis vaadeldav pea k\u00f5ikjal, olles esimesel pilgul n\u00e4htamatu. Linnaplaneeringud, n\u00e4iteks&nbsp;avalikud&nbsp;alad&nbsp;\u2013&nbsp;pargid, puhkealad, ligip\u00e4\u00e4s metsale&nbsp;m\u00f5jutavad&nbsp;linnaruumi demokraatiat ka soolisest aspektist.&nbsp;Kuid linnaelu korraldajad,&nbsp;sageli halbade kavatsusteta, enesestm\u00f5istetavalt&nbsp; v\u00f5i&nbsp;vaikimisi, seavad esiplaanile&nbsp;\u00fche v\u00f5i teise \u00fchiskonnagrupi huvid ja seet\u00f5ttu toob see kaasa&nbsp;mugavust \u00fchtedele&nbsp;ja ebamugavust, ligip\u00e4\u00e4su puudumist v\u00f5i isegi keeldu teistele&nbsp;\u00fchiskonnagruppidele.&nbsp;Viis, kuidas on teenused suunatud&nbsp;sihtgruppidele, annab ka&nbsp;soo l\u00f5ikes&nbsp;neile staatuse,&nbsp;staatus teatavasti on v\u00f5imukasutus.&nbsp;<\/p>\n\n\n\n<p class=\"wp-block-paragraph\" style=\"margin-top:0;margin-bottom:0\">Vestlus toimus Kadrioru kunstimuuseumi banketisaalis<\/p>\n\n\n\n<div class=\"wp-block-uagb-info-box uagb-block-8082c457 uagb-infobox__content-wrap  uagb-infobox-icon-above-title uagb-infobox-image-valign-top\"><div class=\"uagb-ifb-content\"><div class=\"uagb-ifb-title-wrap\"><h3 class=\"uagb-ifb-title\">14:30 Loeng ja arutelu \u201ePaljuliigiline linn\u201c<br><\/h3><\/div><p class=\"uagb-ifb-desc\">\u00d6kosemiootik ja luuletaja Timo Maran<\/p><\/div><\/div>\n\n\n\n<figure class=\"wp-block-image alignfull size-full\"><img loading=\"lazy\" decoding=\"async\" width=\"206\" height=\"207\" src=\"https:\/\/www.serake.ut.ee\/wp-content\/uploads\/2023\/10\/Timo.jpg\" alt=\"\" class=\"wp-image-1575\" srcset=\"https:\/\/www.serake.ut.ee\/wp-content\/uploads\/2023\/10\/Timo.jpg 206w, https:\/\/www.serake.ut.ee\/wp-content\/uploads\/2023\/10\/Timo-150x150.jpg 150w, https:\/\/www.serake.ut.ee\/wp-content\/uploads\/2023\/10\/Timo-12x12.jpg 12w\" sizes=\"auto, (max-width: 206px) 100vw, 206px\" \/><\/figure>\n\n\n\n<p class=\"wp-block-paragraph\" style=\"margin-top:0;margin-bottom:0\">Loengus tutvustatakse paljuliigilise linna kontseptsiooni \u2013 looma- ja taimeliikide esinemist linnas, kuidas nad linnaruumis elupaiga leiavad ja omavahel suhteid loovad. Semiootika vaatenurgast s\u00fcnnib eri liikide kohtumistest uusi t\u00e4hendusi, esteetikat ja t\u00e4hendusrikkust, mis muudab linna elukeskkonna v\u00e4\u00e4rtuslikumaks. Paljuliigiline linn on ka otseselt seotud v\u00f5imu teemaga: millised on teiste liikide v\u00f5imalused osaleda linnakeskkonna arengutes, kuidas nende huve m\u00f5ista ja esindada. Loengule j\u00e4rgneb vaba arutelu paljuliigilise linna teemal.<\/p>\n\n\n\n<p class=\"wp-block-paragraph\" style=\"margin-top:0;margin-bottom:0\">Vestlusring toimus Kadrioru kunstimuuseumi banketisaalis.<\/p>\n<\/div>\n<\/div><\/div>","protected":false},"excerpt":{"rendered":"<p>N\u00e4ituse &#8220;V\u00f5im&#8221; publikuprogramm 08.09.-24.09.2023 Kadrioru pargis ja Kadrioru kunstimuuseumis Semiootika rakenduskeskus korraldas Tallinn \u2013 Euroopa roheline pealinn toetusel Kadrioru pargis ja kunstimuuseumis toimunud installatsiooni ja skulptuuri n\u00e4itusele &#8220;V\u00f5im&#8221; publikuprogrammi. Programmis sai kuulata vestlusringe parasiitide ja eluruumi teemal ning soo ja v\u00f5imu mustrite teemal linnaruumis, osaleda juhendatud jalutusk\u00e4ikudel, kus suunati m\u00e4rkama kunstiteoste ja kirjanduse kaudu eri &hellip;<\/p>\n<p class=\"read-more\"> <a class=\"\" href=\"https:\/\/www.serake.ut.ee\/en\/naitus-voim-publikuprogramm\/\"> <span class=\"screen-reader-text\">N\u00e4itus V\u00f5im publikuprogramm<\/span> Read More &raquo;<\/a><\/p>","protected":false},"author":1,"featured_media":0,"parent":0,"menu_order":0,"comment_status":"closed","ping_status":"closed","template":"","meta":{"_uag_custom_page_level_css":"","site-sidebar-layout":"default","site-content-layout":"default","ast-global-header-display":"","ast-banner-title-visibility":"","ast-main-header-display":"","ast-hfb-above-header-display":"","ast-hfb-below-header-display":"","ast-hfb-mobile-header-display":"","site-post-title":"disabled","ast-breadcrumbs-content":"","ast-featured-img":"","footer-sml-layout":"","theme-transparent-header-meta":"","adv-header-id-meta":"","stick-header-meta":"","header-above-stick-meta":"","header-main-stick-meta":"","header-below-stick-meta":"","footnotes":""},"class_list":["post-1560","page","type-page","status-publish","hentry"],"uagb_featured_image_src":{"full":false,"thumbnail":false,"medium":false,"medium_large":false,"large":false,"1536x1536":false,"2048x2048":false,"trp-custom-language-flag":false},"uagb_author_info":{"display_name":"Semiootika Rakenduskeskus","author_link":"https:\/\/www.serake.ut.ee\/en\/author\/admin\/"},"uagb_comment_info":0,"uagb_excerpt":"N\u00e4ituse &#8220;V\u00f5im&#8221; publikuprogramm 08.09.-24.09.2023 Kadrioru pargis ja Kadrioru kunstimuuseumis Semiootika rakenduskeskus korraldas Tallinn \u2013 Euroopa roheline pealinn toetusel Kadrioru pargis ja kunstimuuseumis toimunud installatsiooni ja skulptuuri n\u00e4itusele &#8220;V\u00f5im&#8221; publikuprogrammi. Programmis sai kuulata vestlusringe parasiitide ja eluruumi teemal ning soo ja v\u00f5imu mustrite teemal linnaruumis, osaleda juhendatud jalutusk\u00e4ikudel, kus suunati m\u00e4rkama kunstiteoste ja kirjanduse kaudu eri&hellip;","_links":{"self":[{"href":"https:\/\/www.serake.ut.ee\/en\/wp-json\/wp\/v2\/pages\/1560","targetHints":{"allow":["GET"]}}],"collection":[{"href":"https:\/\/www.serake.ut.ee\/en\/wp-json\/wp\/v2\/pages"}],"about":[{"href":"https:\/\/www.serake.ut.ee\/en\/wp-json\/wp\/v2\/types\/page"}],"author":[{"embeddable":true,"href":"https:\/\/www.serake.ut.ee\/en\/wp-json\/wp\/v2\/users\/1"}],"replies":[{"embeddable":true,"href":"https:\/\/www.serake.ut.ee\/en\/wp-json\/wp\/v2\/comments?post=1560"}],"version-history":[{"count":10,"href":"https:\/\/www.serake.ut.ee\/en\/wp-json\/wp\/v2\/pages\/1560\/revisions"}],"predecessor-version":[{"id":1877,"href":"https:\/\/www.serake.ut.ee\/en\/wp-json\/wp\/v2\/pages\/1560\/revisions\/1877"}],"wp:attachment":[{"href":"https:\/\/www.serake.ut.ee\/en\/wp-json\/wp\/v2\/media?parent=1560"}],"curies":[{"name":"wp","href":"https:\/\/api.w.org\/{rel}","templated":true}]}}